{"id":150,"date":"2026-04-11T01:41:55","date_gmt":"2026-04-11T04:41:55","guid":{"rendered":"http:\/\/redarte.test\/?page_id=150"},"modified":"2026-06-30T09:42:15","modified_gmt":"2026-06-30T13:42:15","slug":"sobre-red-arte","status":"publish","type":"page","link":"https:\/\/redarte.cl\/index.php\/sobre-red-arte\/","title":{"rendered":"Sobre Red Arte"},"content":{"rendered":"<div class=\"et_pb_section_0 et_pb_section et_section_regular et_flex_section\">\n<div class=\"et_pb_row_0 et_pb_row et_flex_row\">\n<div class=\"et_pb_column_0 et_pb_column et_flex_column et_pb_css_mix_blend_mode_passthrough et_flex_column_12_24 et_flex_column_12_24_tablet et_flex_column_24_24_phone\">\n<div class=\"et_pb_text_0 et_pb_text et_pb_bg_layout_light et_pb_module et_flex_module preset--module--divi-text--default\"><div class=\"et_pb_text_inner\"><h2 style=\"text-align: justify;\">Sobre Red Arte<\/h2>\n<p style=\"text-align: justify;\">Red Arte nace como una iniciativa que busca descentralizar la exhibici\u00f3n art\u00edstica y generar nuevas relaciones entre arte contempor\u00e1neo, territorio y comunidad.<\/p>\n<p style=\"text-align: justify;\">El proyecto propone una red de micro-galer\u00edas p\u00fablicas que permiten exhibiciones continuas, accesibles y sustentables, ampliando las formas tradicionales de circulaci\u00f3n del arte.<\/p>\n<p style=\"text-align: justify;\">M\u00e1s que una exposici\u00f3n, Red Arte es un proceso colaborativo que conecta artistas locales, habitantes y espacios cotidianos, invitando a nuevas formas de observar y habitar el entorno.<\/p>\n<\/div><\/div>\n<\/div>\n\n<div class=\"et_pb_column_1 et_pb_column et-last-child et_flex_column et_pb_css_mix_blend_mode_passthrough et_flex_column_12_24 et_flex_column_12_24_tablet et_flex_column_24_24_phone\">\n<div class=\"et_pb_image_0 et_pb_image et_pb_module et_flex_module preset--module--divi-image--default\"><span class=\"et_pb_image_wrap\"><img loading=\"lazy\" decoding=\"async\" src=\"https:\/\/redarte.cl\/wp-content\/uploads\/2026\/06\/IMG_20260612_141155-scaled.jpg\" title=\"IMG_20260612_141155\" width=\"2560\" height=\"2560\" class=\"wp-image-306\" \/><\/span><\/div>\n<\/div>\n<\/div>\n\n<div class=\"et_pb_row_1 et_pb_row et_flex_row\">\n<div class=\"et_pb_column_2 et_pb_column et_flex_column et_pb_css_mix_blend_mode_passthrough et_flex_column_12_24 et_flex_column_12_24_tablet et_flex_column_24_24_phone\">\n<div class=\"et_pb_image_1 et_pb_image et_pb_module et_flex_module preset--module--divi-image--default\"><span class=\"et_pb_image_wrap\"><img loading=\"lazy\" decoding=\"async\" src=\"https:\/\/redarte.cl\/wp-content\/uploads\/2026\/04\/RedArte2.jpeg\" title=\"RedArte2\" width=\"1259\" height=\"1600\" class=\"wp-image-178\" \/><\/span><\/div>\n<\/div>\n\n<div class=\"et_pb_column_3 et_pb_column et-last-child et_flex_column et_pb_css_mix_blend_mode_passthrough et_flex_column_12_24 et_flex_column_12_24_tablet et_flex_column_24_24_phone\">\n<div class=\"et_pb_text_1 et_pb_text et_pb_bg_layout_light et_pb_module et_flex_module preset--module--divi-text--default\"><div class=\"et_pb_text_inner\"><h2>Objetivos<\/h2>\n<p><strong>Activar el espacio p\u00fablico<\/strong><br \/>Transformar lugares cotidianos en espacios de experiencia art\u00edstica.<\/p>\n<p><strong>Promover la sustentabilidad<\/strong><br \/>Explorar materialidades y pr\u00e1cticas conscientes con el territorio.<\/p>\n<p><strong>Fomentar inclusi\u00f3n cultural<\/strong><br \/>Incorporar accesibilidad como parte central del dise\u00f1o expositivo.<\/p>\n<p><strong>Crear redes<\/strong><br \/>Vincular artistas y comunidades a largo plazo.<\/p>\n<p>FORMATO<\/p>\n<h3><span>Nuevos formatos de exhibici\u00f3n<\/span><\/h3>\n<p><span>\u00a0<\/span><\/p>\n<p><span>Las micro-galer\u00edas son estructuras expositivas de peque\u00f1o formato (60 x 40 cm) dise\u00f1adas para instalar arte contempor\u00e1neo en el espacio p\u00fablico.<\/span><\/p>\n<p><span>Equipadas con iluminaci\u00f3n solar, permiten exhibiciones permanentes visibles tanto de d\u00eda como de noche, generando encuentros espont\u00e1neos entre obra y espectador.<\/span><\/p>\n<p>.<\/p>\n<\/div><\/div>\n<\/div>\n<\/div>\n<\/div>\n\n<div class=\"et_pb_section_1 et_pb_section et_section_regular et_flex_section\">\n<div class=\"et_pb_row_2 et_pb_row et_flex_row\">\n<div class=\"et_pb_column_4 et_pb_column et-last-child et_flex_column et_pb_css_mix_blend_mode_passthrough et_flex_column_24_24 et_flex_column_24_24_tablet et_flex_column_24_24_phone\">\n<div class=\"et_pb_heading_0 et_pb_heading et_pb_module et_flex_module preset--module--divi-heading--default\"><div class=\"et_pb_heading_container\"><h2 class=\"et_pb_module_header\">NUESTRO EQUIPO<\/h2><\/div><\/div>\n<\/div>\n<\/div>\n<\/div>\n\n<div class=\"et_pb_section_2 et_pb_section et_section_regular et_flex_section section_has_divider et_pb_bottom_divider\">\n<div class=\"et_pb_row_3 et_pb_row et_flex_row et_animated\">\n<div class=\"et_pb_column_5 et_pb_column et_flex_column et_pb_css_mix_blend_mode_passthrough et_flex_column_12_24 et_flex_column_12_24_tablet et_flex_column_24_24_phone\">\n<div class=\"et_pb_image_2 et_pb_image et_pb_module et_flex_module preset--module--divi-image--default\"><span class=\"et_pb_image_wrap\"><img loading=\"lazy\" decoding=\"async\" src=\"https:\/\/redarte.cl\/wp-content\/uploads\/2026\/05\/Claudia.png\" title=\"Claudia\" width=\"768\" height=\"1376\" class=\"wp-image-265\" \/><\/span><\/div>\n<\/div>\n\n<div class=\"et_pb_column_6 et_pb_column et-last-child et_flex_column et_pb_css_mix_blend_mode_passthrough et_flex_column_12_24 et_flex_column_12_24_tablet et_flex_column_24_24_phone\">\n<div class=\"et_pb_team_member_0 et_pb_team_member et_pb_team_member_no_image et_pb_bg_layout_light et_pb_module et_flex_module preset--module--divi-team-member--default\"><div class=\"et_pb_team_member_description\"><h4 class=\"et_pb_module_header\">Claudia Escobar Guti\u00e9rrez<\/h4><p class=\"et_pb_member_position\">Directora y creadora de Red Arte<\/p><div class=\"et_pb_team_member_description_content\"><div dir=\"auto\"><\/div>\n<div dir=\"auto\"><\/div>\n<div dir=\"auto\">Artista visual, docente de artes visuales, Mag\u00edster en Arte y Educaci\u00f3n y diplomada en Artes Visuales. Su pr\u00e1ctica se sit\u00faa en el cruce entre creaci\u00f3n, pedagog\u00eda e investigaci\u00f3n, con \u00e9nfasis en el desarrollo de materialidades sustentables y enfoques de educaci\u00f3n sostenible.<\/div>\n<div dir=\"auto\"><\/div>\n<div dir=\"auto\">Su trabajo aborda la relaci\u00f3n entre arte, territorio e inclusi\u00f3n, explorando procesos creativos vinculados a contextos locales y a nuevas formas de habitar el espacio p\u00fablico. Ha impulsado iniciativas que buscan ampliar el acceso al arte y generar experiencias significativas entre obra, comunidad y entorno.<\/div>\n<div dir=\"auto\">Es creadora y directora de Red Arte, proyecto que propone una red de micro-galer\u00edas en el espacio p\u00fablico, orientada a la difusi\u00f3n del arte contempor\u00e1neo desde una perspectiva sustentable, accesible y territorial.<\/div>\n<\/div><\/div><\/div>\n<\/div>\n<\/div>\n<div class=\"et_pb_bottom_inside_divider et-no-transition\"><\/div><\/div>\n\n<div class=\"et_pb_section_3 et_pb_section et_section_regular et_flex_section section_has_divider et_pb_bottom_divider\">\n<div class=\"et_pb_row_4 et_pb_row et_flex_row et_animated\">\n<div class=\"et_pb_column_7 et_pb_column et_flex_column et_pb_css_mix_blend_mode_passthrough et_flex_column_12_24 et_flex_column_12_24_tablet et_flex_column_24_24_phone\">\n<div class=\"et_pb_team_member_1 et_pb_team_member et_pb_team_member_no_image et_pb_bg_layout_light et_pb_module et_flex_module preset--module--divi-team-member--default\"><div class=\"et_pb_team_member_description\"><h4 class=\"et_pb_module_header\">Lucia Rey Orrego<\/h4><p class=\"et_pb_member_position\">Curadora y gestora de convocatoria<\/p><div class=\"et_pb_team_member_description_content\"><p>&nbsp;<\/p>\n<div dir=\"auto\">Lucia Rey Orrego es acad\u00e9mica, investigadora y curadora independiente. Doctoranda en filosof\u00eda UNSJ Argentina,<\/div>\n<div dir=\"auto\">Mag\u00edster en teor\u00eda e Historia del Arte UCH, Critica de arte en la revista Arte al L\u00edmite. Integrante del Nucleo<\/div>\n<div dir=\"auto\">Interdisciplinar de Estudos sobre o Imaginario de la PPGAV\/UFPE Brasil, integrante del Equipo de trabajo Imaginarios<\/div>\n<div dir=\"auto\">Ecol\u00f3gicos contempor\u00e1neos (1995-2025) ante la urgencia ambiental creatividad inclusi\u00f3n y sostenibilidad (Ecoimago25)<\/div>\n<div dir=\"auto\">Universidad de Granada. Miembro de la RIIR (Red Iberoamericana de Investigaci\u00f3n en Imaginarios y Representaciones). Es parte de la directiva de AICA Chile, asociaci\u00f3n Internacional de Cr\u00edticos de Arte UNESCO. Ha<\/div>\n<div dir=\"auto\">participado como ponente en diversos congresos sobre cosmovisiones, hermetismo y esoterismo en Am\u00e9rica latina. Ha<\/div>\n<div dir=\"auto\">publicado numerosos textos cr\u00edtica de arte de manera regular en la revista biling\u00fce Arte al L\u00edmite. Actualmente se dedica a la investigaci\u00f3n filos\u00f3fica sobre arte y<\/div>\n<div dir=\"auto\">espiritualidades en el contexto del capitalismo avanzado, realizando tambi\u00e9n curadur\u00edas a diversas\/os artistas.<\/div>\n<\/div><\/div><\/div>\n<\/div>\n\n<div class=\"et_pb_column_8 et_pb_column et-last-child et_flex_column et_pb_css_mix_blend_mode_passthrough et_flex_column_12_24 et_flex_column_12_24_tablet et_flex_column_24_24_phone\">\n<div class=\"et_pb_image_3 et_pb_image et_pb_module et_flex_module preset--module--divi-image--default\"><span class=\"et_pb_image_wrap\"><img loading=\"lazy\" decoding=\"async\" src=\"https:\/\/redarte.cl\/wp-content\/uploads\/2026\/05\/Lucia.jpg\" title=\"Lucia\" width=\"976\" height=\"1066\" class=\"wp-image-259\" \/><\/span><\/div>\n<\/div>\n<\/div>\n<div class=\"et_pb_bottom_inside_divider et-no-transition\"><\/div><\/div>\n\n<div class=\"et_pb_section_4 et_pb_section et_section_regular et_flex_section section_has_divider et_pb_bottom_divider\">\n<div class=\"et_pb_row_5 et_pb_row et_flex_row et_animated\">\n<div class=\"et_pb_column_9 et_pb_column et_flex_column et_pb_css_mix_blend_mode_passthrough et_flex_column_8_24 et_flex_column_8_24_tablet et_flex_column_24_24_phone\">\n<div class=\"et_pb_image_4 et_pb_image et_pb_module et_flex_module preset--module--divi-image--default\"><span class=\"et_pb_image_wrap\"><img loading=\"lazy\" decoding=\"async\" src=\"https:\/\/redarte.cl\/wp-content\/uploads\/2026\/05\/Catalina.jpg\" title=\"Catalina\" width=\"854\" height=\"1326\" class=\"wp-image-257\" \/><\/span><\/div>\n<\/div>\n\n<div class=\"et_pb_column_10 et_pb_column et-last-child et_flex_column et_pb_css_mix_blend_mode_passthrough et_flex_column_16_24 et_flex_column_16_24_tablet et_flex_column_24_24_phone\">\n<div class=\"et_pb_team_member_2 et_pb_team_member et_pb_team_member_no_image et_pb_bg_layout_light et_pb_module et_flex_module preset--module--divi-team-member--default\"><div class=\"et_pb_team_member_description\"><h4 class=\"et_pb_module_header\">Catalina Meza Ortega<\/h4><p class=\"et_pb_member_position\">Encargada de registro visual y redes sociales<\/p><div class=\"et_pb_team_member_description_content\"><p>\u00a0<\/p>\n<p><span>Licenciada en Artes Visuales por la Universidad Austral de Chile. Forma parte de Red Arte como encargada de redes sociales, registro fotogr\u00e1fico y audiovisual, desarrollando labores de documentaci\u00f3n, difusi\u00f3n y construcci\u00f3n de contenido visual para el proyecto. Su trabajo se centra en generar registros sensibles de los procesos colectivos, exposiciones y actividades territoriales, comprendiendo la imagen y el archivo como herramientas fundamentales para la memoria y circulaci\u00f3n de las pr\u00e1cticas art\u00edsticas.<\/span><\/p>\n<p><span>Su experiencia en artes visuales y fotograf\u00eda, junto con su enfoque de trabajo ligado a lo documental, ha sido fundamental para el registro continuo del desarrollo del proyecto, sus procesos creativos y el trabajo colaborativo del equipo. A trav\u00e9s de entrevistas, registros audiovisuales y documentaci\u00f3n de las distintas instancias vinculadas a Red Arte, ha construido un archivo visual y testimonial que da cuenta de la dimensi\u00f3n humana, territorial y colectiva de la iniciativa.<\/span><\/p>\n<p><span>El trabajo de mediaci\u00f3n y difusi\u00f3n realizado en redes sociales se desarrolla adem\u00e1s desde una curator\u00eda personal vinculada a su pr\u00e1ctica art\u00edstica, entendiendo el registro no solo como documentaci\u00f3n, sino tambi\u00e9n como una forma de construir relato, contexto y experiencia visual en torno al proyecto. Esta mirada ha sido especialmente relevante dentro del proceso de llevar espacios y experiencias art\u00edsticas hacia sectores rurales de la Regi\u00f3n de O\u2019Higgins, buscando visibilizar los v\u00ednculos entre territorio, comunidad y pr\u00e1cticas contempor\u00e1neas de arte sustentable.<\/span><\/p>\n<p><span>Paralelamente, desarrolla trabajo art\u00edstico e independiente en torno a la imagen, el sonido y el archivo, participando en exposiciones, procesos de montaje y proyectos colaborativos ligados al arte contempor\u00e1neo y la gesti\u00f3n cultural.<\/span><\/p>\n<\/div><\/div><\/div>\n<\/div>\n<\/div>\n<div class=\"et_pb_bottom_inside_divider et-no-transition\"><\/div><\/div>\n\n<div class=\"et_pb_section_5 et_pb_section et_section_regular et_flex_section section_has_divider et_pb_bottom_divider\">\n<div class=\"et_pb_row_6 et_pb_row et_flex_row et_animated\">\n<div class=\"et_pb_column_11 et_pb_column et_flex_column et_pb_css_mix_blend_mode_passthrough et_flex_column_12_24 et_flex_column_12_24_tablet et_flex_column_24_24_phone\">\n<div class=\"et_pb_team_member_3 et_pb_team_member et_pb_team_member_no_image et_pb_bg_layout_light et_pb_module et_flex_module preset--module--divi-team-member--default\"><div class=\"et_pb_team_member_description\"><h4 class=\"et_pb_module_header\">Basti\u00e1n Aguilera<\/h4><p class=\"et_pb_member_position\">\u00c1rea sonora \u2014 Red Arte<\/p><div class=\"et_pb_team_member_description_content\"><p>&nbsp;<\/p>\n<div dir=\"auto\">Estudiante de Producci\u00f3n Musical e investigador de sonido, con formaci\u00f3n autodidacta en arte sonoro. Su trabajo se orienta a la exploraci\u00f3n del sonido como un medio de conexi\u00f3n entre obra, artista y espectador, desarrollando propuestas que ampl\u00edan la experiencia m\u00e1s all\u00e1 de lo visual.<\/div>\n<div dir=\"auto\"><\/div>\n<div dir=\"auto\">Interesado en los procesos de escucha, busca generar espacios de reflexi\u00f3n a partir del sonido, entendi\u00e9ndolo como un lenguaje capaz de traducir y acompa\u00f1ar las intenciones del artista. Su enfoque e se relaciona,\u00a0 en construir v\u00ednculos sensibles que faciliten la relaci\u00f3n entre las obras y el p\u00fablico.<\/div>\n<div dir=\"auto\"><\/div>\n<div dir=\"auto\">En Red Arte, participa en el desarrollo de las capas sonoras asociadas a las micro-galer\u00edas, contribuyendo a una experiencia expositiva m\u00e1s inmersiva e inclusiva.<\/div>\n<\/div><\/div><\/div>\n<\/div>\n\n<div class=\"et_pb_column_12 et_pb_column et-last-child et_flex_column et_pb_css_mix_blend_mode_passthrough et_flex_column_12_24 et_flex_column_12_24_tablet et_flex_column_24_24_phone\">\n<div class=\"et_pb_image_5 et_pb_image et_pb_module et_flex_module preset--module--divi-image--default\"><span class=\"et_pb_image_wrap\"><img loading=\"lazy\" decoding=\"async\" src=\"https:\/\/redarte.cl\/wp-content\/uploads\/2026\/05\/bastian.jpg\" title=\"bastian\" width=\"995\" height=\"1488\" class=\"wp-image-256\" \/><\/span><\/div>\n<\/div>\n<\/div>\n<div class=\"et_pb_bottom_inside_divider et-no-transition\"><\/div><\/div>\n\n<div class=\"et_pb_section_6 et_pb_section et_section_regular et_flex_section section_has_divider et_pb_bottom_divider\">\n<div class=\"et_pb_row_7 et_pb_row et_flex_row et_animated\">\n<div class=\"et_pb_column_13 et_pb_column et_flex_column et_pb_css_mix_blend_mode_passthrough et_flex_column_12_24 et_flex_column_12_24_tablet et_flex_column_24_24_phone\">\n<div class=\"et_pb_image_6 et_pb_image et_pb_module et_flex_module preset--module--divi-image--default\"><span class=\"et_pb_image_wrap\"><img loading=\"lazy\" decoding=\"async\" src=\"https:\/\/redarte.cl\/wp-content\/uploads\/2026\/05\/Margarita.jpg\" title=\"Margarita\" width=\"649\" height=\"731\" class=\"wp-image-260\" \/><\/span><\/div>\n<\/div>\n\n<div class=\"et_pb_column_14 et_pb_column et-last-child et_flex_column et_pb_css_mix_blend_mode_passthrough et_flex_column_12_24 et_flex_column_12_24_tablet et_flex_column_24_24_phone\">\n<div class=\"et_pb_team_member_4 et_pb_team_member et_pb_team_member_no_image et_pb_bg_layout_light et_pb_module et_flex_module preset--module--divi-team-member--default\"><div class=\"et_pb_team_member_description\"><h4 class=\"et_pb_module_header\">Margarita C\u00e1ceres<\/h4><p class=\"et_pb_member_position\">Artista y ayudante de montaje <\/p><div class=\"et_pb_team_member_description_content\"><p>&nbsp;<\/p>\n<div dir=\"auto\">Margarita C\u00e1ceres es originaria de Marchig\u00fce, artista autodidacta, arquitecta (PUCV) y magister en patrimonio (UV). Se autodefine como una \u201cartesana de la tierra\u201d ya que este material le ha permitido unir sus diferentes intereses en una propuesta integral.<\/div>\n<div dir=\"auto\">Ha desarrollado el muralismo patrimonial y comunitario de revoques y pinturas de tierra, con numerosas obras en la regi\u00f3n de O\u00b4Higgins y la regi\u00f3n de Antofagasta, as\u00ed como obras en peque\u00f1o formato. Su obra va ligada a la educaci\u00f3n ambiental y patrimonial desarrollando talleres y material pedag\u00f3gico para infancias, mujeres y docentes.<\/div>\n<div dir=\"auto\">Ha realizado investigaciones y publicaciones acad\u00e9micas sobre arquitectura vern\u00e1cula y muralismo de tierra, las que han sido expuestas y\/o publicadas en seminarios internacionales.\u00a0<\/div>\n<div dir=\"auto\">Es creadora de Estudio Kurpa, miembro del espacio cultural La Galer\u00eda de Barro y Fundaci\u00f3n La Liebre en Marchig\u00fce donde trabaja en colaboraci\u00f3n con artistas y gestoras.<\/div>\n<\/div><\/div><\/div>\n<\/div>\n<\/div>\n<div class=\"et_pb_bottom_inside_divider et-no-transition\"><\/div><\/div>","protected":false},"excerpt":{"rendered":"","protected":false},"author":1,"featured_media":0,"parent":0,"menu_order":0,"comment_status":"closed","ping_status":"closed","template":"","meta":{"footnotes":""},"class_list":["post-150","page","type-page","status-publish","hentry"],"_links":{"self":[{"href":"https:\/\/redarte.cl\/index.php\/wp-json\/wp\/v2\/pages\/150","targetHints":{"allow":["GET"]}}],"collection":[{"href":"https:\/\/redarte.cl\/index.php\/wp-json\/wp\/v2\/pages"}],"about":[{"href":"https:\/\/redarte.cl\/index.php\/wp-json\/wp\/v2\/types\/page"}],"author":[{"embeddable":true,"href":"https:\/\/redarte.cl\/index.php\/wp-json\/wp\/v2\/users\/1"}],"replies":[{"embeddable":true,"href":"https:\/\/redarte.cl\/index.php\/wp-json\/wp\/v2\/comments?post=150"}],"version-history":[{"count":12,"href":"https:\/\/redarte.cl\/index.php\/wp-json\/wp\/v2\/pages\/150\/revisions"}],"predecessor-version":[{"id":308,"href":"https:\/\/redarte.cl\/index.php\/wp-json\/wp\/v2\/pages\/150\/revisions\/308"}],"wp:attachment":[{"href":"https:\/\/redarte.cl\/index.php\/wp-json\/wp\/v2\/media?parent=150"}],"curies":[{"name":"wp","href":"https:\/\/api.w.org\/{rel}","templated":true}]}}